{"id":3814,"date":"2021-08-30T13:35:34","date_gmt":"2021-08-30T18:35:34","guid":{"rendered":"https:\/\/designweekmexico.com\/?page_id=3814"},"modified":"2021-09-20T13:03:43","modified_gmt":"2021-09-20T18:03:43","slug":"pabellon-del-encuentro","status":"publish","type":"page","link":"https:\/\/designweekmexico.com\/en\/prensa\/pabellon-del-encuentro\/","title":{"rendered":"Pabell\u00f3n del Encuentro"},"content":{"rendered":"<figure class=\"wp-block-image size-full\"><img fetchpriority=\"high\" decoding=\"async\" width=\"2560\" height=\"1707\" data-attachment-id=\"4153\" data-permalink=\"https:\/\/designweekmexico.com\/en\/prensa\/attachment\/portada-dwm21-09-2\/\" data-orig-file=\"https:\/\/designweekmexico.com\/wp-content\/uploads\/2021\/09\/portada-dwm21-09-scaled.jpg\" data-orig-size=\"2560,1707\" data-comments-opened=\"1\" data-image-meta=\"{&quot;aperture&quot;:&quot;0&quot;,&quot;credit&quot;:&quot;&quot;,&quot;camera&quot;:&quot;&quot;,&quot;caption&quot;:&quot;&quot;,&quot;created_timestamp&quot;:&quot;0&quot;,&quot;copyright&quot;:&quot;&quot;,&quot;focal_length&quot;:&quot;0&quot;,&quot;iso&quot;:&quot;0&quot;,&quot;shutter_speed&quot;:&quot;0&quot;,&quot;title&quot;:&quot;&quot;,&quot;orientation&quot;:&quot;0&quot;}\" data-image-title=\"portada-dwm21-09\" data-image-description=\"\" data-image-caption=\"\" data-medium-file=\"https:\/\/designweekmexico.com\/wp-content\/uploads\/2021\/09\/portada-dwm21-09-300x200.jpg\" data-large-file=\"https:\/\/designweekmexico.com\/wp-content\/uploads\/2021\/09\/portada-dwm21-09-1024x683.jpg\" src=\"https:\/\/designweekmexico.com\/wp-content\/uploads\/2021\/09\/portada-dwm21-09-scaled.jpg\" alt=\"\" class=\"wp-image-4153\" srcset=\"https:\/\/designweekmexico.com\/wp-content\/uploads\/2021\/09\/portada-dwm21-09-scaled.jpg 2560w, https:\/\/designweekmexico.com\/wp-content\/uploads\/2021\/09\/portada-dwm21-09-1920x1280.jpg 1920w, https:\/\/designweekmexico.com\/wp-content\/uploads\/2021\/09\/portada-dwm21-09-300x200.jpg 300w, https:\/\/designweekmexico.com\/wp-content\/uploads\/2021\/09\/portada-dwm21-09-1024x683.jpg 1024w, https:\/\/designweekmexico.com\/wp-content\/uploads\/2021\/09\/portada-dwm21-09-768x512.jpg 768w, https:\/\/designweekmexico.com\/wp-content\/uploads\/2021\/09\/portada-dwm21-09-1536x1024.jpg 1536w, https:\/\/designweekmexico.com\/wp-content\/uploads\/2021\/09\/portada-dwm21-09-2048x1366.jpg 2048w, https:\/\/designweekmexico.com\/wp-content\/uploads\/2021\/09\/portada-dwm21-09-18x12.jpg 18w\" sizes=\"(max-width: 2560px) 100vw, 2560px\" \/><\/figure>\n\n\n\n<h3 class=\"wp-block-heading\"><strong>Experiencia en realidad virtual a 500 a\u00f1os de La Conquista<\/strong><\/h3>\n\n\n\n<p>Este 2021 se cumplen 500 a\u00f1os de la ca\u00edda de Tenochtitlan, suceso hist\u00f3rico fundamental para la constituci\u00f3n de la extraordinaria naci\u00f3n en la que nos hemos convertido. Es en el marco de esta conmemoraci\u00f3n que Arte &amp; Cultura del Centro Ricardo B. Salinas Pliego, en colaboraci\u00f3n con Design Week M\u00e9xico, presenta el Pabell\u00f3n del Encuentro.<\/p>\n\n\n\n<figure class=\"wp-block-image size-full\"><img decoding=\"async\" width=\"2560\" height=\"1908\" data-attachment-id=\"4161\" data-permalink=\"https:\/\/designweekmexico.com\/en\/prensa\/pabellon-del-encuentro\/attachment\/1ap\/\" data-orig-file=\"https:\/\/designweekmexico.com\/wp-content\/uploads\/2021\/09\/1AP-scaled.jpg\" data-orig-size=\"2560,1908\" data-comments-opened=\"1\" data-image-meta=\"{&quot;aperture&quot;:&quot;0&quot;,&quot;credit&quot;:&quot;&quot;,&quot;camera&quot;:&quot;&quot;,&quot;caption&quot;:&quot;&quot;,&quot;created_timestamp&quot;:&quot;0&quot;,&quot;copyright&quot;:&quot;&quot;,&quot;focal_length&quot;:&quot;0&quot;,&quot;iso&quot;:&quot;0&quot;,&quot;shutter_speed&quot;:&quot;0&quot;,&quot;title&quot;:&quot;&quot;,&quot;orientation&quot;:&quot;0&quot;}\" data-image-title=\"1AP\" data-image-description=\"\" data-image-caption=\"\" data-medium-file=\"https:\/\/designweekmexico.com\/wp-content\/uploads\/2021\/09\/1AP-300x224.jpg\" data-large-file=\"https:\/\/designweekmexico.com\/wp-content\/uploads\/2021\/09\/1AP-1024x763.jpg\" src=\"https:\/\/designweekmexico.com\/wp-content\/uploads\/2021\/09\/1AP-scaled.jpg\" alt=\"\" class=\"wp-image-4161\" srcset=\"https:\/\/designweekmexico.com\/wp-content\/uploads\/2021\/09\/1AP-scaled.jpg 2560w, https:\/\/designweekmexico.com\/wp-content\/uploads\/2021\/09\/1AP-1920x1431.jpg 1920w, https:\/\/designweekmexico.com\/wp-content\/uploads\/2021\/09\/1AP-300x224.jpg 300w, https:\/\/designweekmexico.com\/wp-content\/uploads\/2021\/09\/1AP-1024x763.jpg 1024w, https:\/\/designweekmexico.com\/wp-content\/uploads\/2021\/09\/1AP-768x572.jpg 768w, https:\/\/designweekmexico.com\/wp-content\/uploads\/2021\/09\/1AP-1536x1145.jpg 1536w, https:\/\/designweekmexico.com\/wp-content\/uploads\/2021\/09\/1AP-2048x1526.jpg 2048w, https:\/\/designweekmexico.com\/wp-content\/uploads\/2021\/09\/1AP-16x12.jpg 16w\" sizes=\"(max-width: 2560px) 100vw, 2560px\" \/><\/figure>\n\n\n\n<h5 class=\"wp-block-heading\"><strong>Concepto de la experiencia<\/strong><\/h5>\n\n\n\n<p>En el Pabell\u00f3n del Encuentro, se ofrece una experiencia inmersiva que busca transportarnos al tiempo y lugar de varios acontecimientos clave en la Conquista de M\u00e9xico, suceso hist\u00f3rico determinante en la historia de nuestro pa\u00eds y del mundo.<\/p>\n\n\n\n<p>Para crear esta experiencia inmersiva, se utilizar\u00e1n tecnolog\u00eda y visores de realidad virtual que permitir\u00e1n a los usuarios adentrarse, a trav\u00e9s de modelados tridimensionales de lugares, c\u00f3dices y obras de arte sobre la Conquista, en los sitios m\u00e1s significativos que fueron testigos de este memorable acontecimiento. Adem\u00e1s de los modelados, se producir\u00e1n videos en 360\u00b0 del Z\u00f3calo y otros lugares emblem\u00e1ticos, con el fin de que el usuario pueda enlazar los tiempos hist\u00f3ricos con el presente y&nbsp; observar las transformaciones de dichos espacios al cabo de cinco siglos.<\/p>\n\n\n\n<p>Los ambientes virtuales ser\u00e1n: La llegada de las naves de Cort\u00e9s a las costas mexicanas, un mundo de c\u00f3dices y lenguas ind\u00edgenas, el Valle de M\u00e9xico entonces y ahora, el Templo Mayor de Tenochtitl\u00e1n y el Z\u00f3calo actual, entre otros.<\/p>\n\n\n\n<h5 class=\"wp-block-heading\"><strong>Dise\u00f1o de experiencia<\/strong><\/h5>\n\n\n\n<p>En colaboraci\u00f3n con <strong><a href=\"https:\/\/centroricardobsalinaspliego.org\/arteycultura\/\">Arte &amp; Cultura del Centro RBS,<\/a><\/strong> <strong><a href=\"https:\/\/mxterritoriocreativo.com\">M\u00e9xico Territorio Creativo<\/a><\/strong> y el despacho <strong><a href=\"https:\/\/ccubicaarquitectos.com\">C C\u00fabica Arquitectos,<\/a><\/strong> se dise\u00f1ar\u00e1 y construir\u00e1 el Pabell\u00f3n del Encuentro: una estructura movible y desmontable, con un dise\u00f1o arquitect\u00f3nico novedoso, ideado especialmente para este proyecto. Constar\u00e1 de tres secciones principales: el vest\u00edbulo de bienvenida, la antesala ambientada con una instalaci\u00f3n sonora, y la sala donde se vivir\u00e1 la experiencia de realidad virtual.<\/p>\n\n\n\n<figure class=\"wp-block-embed is-type-video is-provider-youtube wp-block-embed-youtube wp-embed-aspect-16-9 wp-has-aspect-ratio\"><div class=\"wp-block-embed__wrapper\">\n<iframe title=\"Pabell\u00f3n del Encuentro DWM21\" width=\"1290\" height=\"726\" src=\"https:\/\/www.youtube.com\/embed\/_a1j4NHt-lo?feature=oembed\" frameborder=\"0\" allow=\"accelerometer; autoplay; clipboard-write; encrypted-media; gyroscope; picture-in-picture\" allowfullscreen><\/iframe>\n<\/div><\/figure>\n\n\n\n<p>El Pabell\u00f3n del Encuentro formar\u00e1 parte de la programaci\u00f3n de <strong>Design Week M\u00e9xico 2021,<\/strong> que se llevar\u00e1 a cabo durante el pr\u00f3ximo mes de octubre.<\/p>\n\n\n\n<h5 class=\"wp-block-heading\"><strong>Sedes de la experiencia<\/strong><\/h5>\n\n\n\n<p>La primera sede de la experiencia ser\u00e1 el Patio de los leones, del Museo Nacional de Arte (MUNAL), en el Centro Hist\u00f3rico de la CDMX. Se presentar\u00e1 en el marco de la exposici\u00f3n \u201cUna mirada desde la Academia a la Conquista de M\u00e9xico. Las colecciones del Museo Nacional de Arte\u201d, a realizarse en el museo desde Octubre, 2021 hasta Febrero, 2022.<\/p>\n\n\n\n<p>Ser\u00e1 una experiencia itinerante, por lo que El Pabell\u00f3n ser\u00e1 rearmable. Se presentar\u00e1 en diferentes museos, centros culturales e instituciones educativas a lo largo del pa\u00eds, durante los a\u00f1os 2022 y 2023.<\/p>","protected":false},"excerpt":{"rendered":"<p>Experiencia en realidad virtual a 500 a\u00f1os de La Conquista Este 2021 se cumplen 500 a\u00f1os de la ca\u00edda de Tenochtitlan, suceso hist\u00f3rico fundamental para la constituci\u00f3n de la extraordinaria [&hellip;]<\/p>","protected":false},"author":175,"featured_media":4153,"parent":501,"menu_order":0,"comment_status":"closed","ping_status":"closed","template":"","meta":{"_themeisle_gutenberg_block_has_review":false,"footnotes":""},"class_list":["post-3814","page","type-page","status-publish","has-post-thumbnail","hentry"],"blocksy_meta":{"styles_descriptor":{"styles":{"desktop":"","tablet":"","mobile":""},"google_fonts":[],"version":6}},"yoast_head":"<!-- This site is optimized with the Yoast SEO plugin v27.4 - https:\/\/yoast.com\/product\/yoast-seo-wordpress\/ -->\n<title>Pabell\u00f3n del Encuentro - Design Week Mexico<\/title>\n<meta name=\"robots\" content=\"index, follow, max-snippet:-1, max-image-preview:large, max-video-preview:-1\" \/>\n<link rel=\"canonical\" href=\"https:\/\/designweekmexico.com\/en\/prensa\/pabellon-del-encuentro\/\" \/>\n<meta property=\"og:locale\" content=\"en_US\" \/>\n<meta property=\"og:type\" content=\"article\" \/>\n<meta property=\"og:title\" content=\"Pabell\u00f3n del Encuentro - Design Week Mexico\" \/>\n<meta property=\"og:description\" content=\"Experiencia en realidad virtual a 500 a\u00f1os de La Conquista Este 2021 se cumplen 500 a\u00f1os de la ca\u00edda de Tenochtitlan, suceso hist\u00f3rico fundamental para la constituci\u00f3n de la extraordinaria [&hellip;]\" \/>\n<meta property=\"og:url\" content=\"https:\/\/designweekmexico.com\/en\/prensa\/pabellon-del-encuentro\/\" \/>\n<meta property=\"og:site_name\" content=\"Design Week Mexico\" \/>\n<meta property=\"article:publisher\" content=\"https:\/\/www.facebook.com\/designweekmex\" \/>\n<meta property=\"article:modified_time\" content=\"2021-09-20T18:03:43+00:00\" \/>\n<meta property=\"og:image\" content=\"https:\/\/i2.wp.com\/designweekmexico.com\/wp-content\/uploads\/2021\/09\/portada-dwm21-09-scaled.jpg?fit=2560%2C1707&ssl=1\" \/>\n\t<meta property=\"og:image:width\" content=\"2560\" \/>\n\t<meta property=\"og:image:height\" content=\"1707\" \/>\n\t<meta property=\"og:image:type\" content=\"image\/jpeg\" \/>\n<meta name=\"twitter:card\" content=\"summary_large_image\" \/>\n<meta name=\"twitter:site\" content=\"@designweekmex\" \/>\n<meta name=\"twitter:label1\" content=\"Est. reading time\" \/>\n\t<meta name=\"twitter:data1\" content=\"3 minutes\" \/>\n<script type=\"application\/ld+json\" class=\"yoast-schema-graph\">{\"@context\":\"https:\\\/\\\/schema.org\",\"@graph\":[{\"@type\":\"WebPage\",\"@id\":\"https:\\\/\\\/designweekmexico.com\\\/prensa\\\/pabellon-del-encuentro\\\/\",\"url\":\"https:\\\/\\\/designweekmexico.com\\\/prensa\\\/pabellon-del-encuentro\\\/\",\"name\":\"Pabell\u00f3n del Encuentro - Design Week Mexico\",\"isPartOf\":{\"@id\":\"https:\\\/\\\/designweekmexico.com\\\/#website\"},\"primaryImageOfPage\":{\"@id\":\"https:\\\/\\\/designweekmexico.com\\\/prensa\\\/pabellon-del-encuentro\\\/#primaryimage\"},\"image\":{\"@id\":\"https:\\\/\\\/designweekmexico.com\\\/prensa\\\/pabellon-del-encuentro\\\/#primaryimage\"},\"thumbnailUrl\":\"https:\\\/\\\/designweekmexico.com\\\/wp-content\\\/uploads\\\/2021\\\/09\\\/portada-dwm21-09-scaled.jpg\",\"datePublished\":\"2021-08-30T18:35:34+00:00\",\"dateModified\":\"2021-09-20T18:03:43+00:00\",\"breadcrumb\":{\"@id\":\"https:\\\/\\\/designweekmexico.com\\\/prensa\\\/pabellon-del-encuentro\\\/#breadcrumb\"},\"inLanguage\":\"en-US\",\"potentialAction\":[{\"@type\":\"ReadAction\",\"target\":[\"https:\\\/\\\/designweekmexico.com\\\/prensa\\\/pabellon-del-encuentro\\\/\"]}]},{\"@type\":\"ImageObject\",\"inLanguage\":\"en-US\",\"@id\":\"https:\\\/\\\/designweekmexico.com\\\/prensa\\\/pabellon-del-encuentro\\\/#primaryimage\",\"url\":\"https:\\\/\\\/designweekmexico.com\\\/wp-content\\\/uploads\\\/2021\\\/09\\\/portada-dwm21-09-scaled.jpg\",\"contentUrl\":\"https:\\\/\\\/designweekmexico.com\\\/wp-content\\\/uploads\\\/2021\\\/09\\\/portada-dwm21-09-scaled.jpg\",\"width\":2560,\"height\":1707},{\"@type\":\"BreadcrumbList\",\"@id\":\"https:\\\/\\\/designweekmexico.com\\\/prensa\\\/pabellon-del-encuentro\\\/#breadcrumb\",\"itemListElement\":[{\"@type\":\"ListItem\",\"position\":1,\"name\":\"Inicio\",\"item\":\"https:\\\/\\\/designweekmexico.com\\\/\"},{\"@type\":\"ListItem\",\"position\":2,\"name\":\"Prensa\",\"item\":\"https:\\\/\\\/designweekmexico.com\\\/prensa\\\/\"},{\"@type\":\"ListItem\",\"position\":3,\"name\":\"Pabell\u00f3n del Encuentro\"}]},{\"@type\":\"WebSite\",\"@id\":\"https:\\\/\\\/designweekmexico.com\\\/#website\",\"url\":\"https:\\\/\\\/designweekmexico.com\\\/\",\"name\":\"Design Week Mexico\",\"description\":\"Dise\u00f1ando el futuro...\",\"publisher\":{\"@id\":\"https:\\\/\\\/designweekmexico.com\\\/#organization\"},\"potentialAction\":[{\"@type\":\"SearchAction\",\"target\":{\"@type\":\"EntryPoint\",\"urlTemplate\":\"https:\\\/\\\/designweekmexico.com\\\/?s={search_term_string}\"},\"query-input\":{\"@type\":\"PropertyValueSpecification\",\"valueRequired\":true,\"valueName\":\"search_term_string\"}}],\"inLanguage\":\"en-US\"},{\"@type\":\"Organization\",\"@id\":\"https:\\\/\\\/designweekmexico.com\\\/#organization\",\"name\":\"Design Week Mexico\",\"url\":\"https:\\\/\\\/designweekmexico.com\\\/\",\"logo\":{\"@type\":\"ImageObject\",\"inLanguage\":\"en-US\",\"@id\":\"https:\\\/\\\/designweekmexico.com\\\/#\\\/schema\\\/logo\\\/image\\\/\",\"url\":\"https:\\\/\\\/designweekmexico.com\\\/wp-content\\\/uploads\\\/2026\\\/04\\\/Asset-58-70eae4-3141d7.svg\",\"contentUrl\":\"https:\\\/\\\/designweekmexico.com\\\/wp-content\\\/uploads\\\/2026\\\/04\\\/Asset-58-70eae4-3141d7.svg\",\"width\":1741,\"height\":103,\"caption\":\"Design Week Mexico\"},\"image\":{\"@id\":\"https:\\\/\\\/designweekmexico.com\\\/#\\\/schema\\\/logo\\\/image\\\/\"},\"sameAs\":[\"https:\\\/\\\/www.facebook.com\\\/designweekmex\",\"https:\\\/\\\/x.com\\\/designweekmex\",\"https:\\\/\\\/www.instagram.com\\\/designweekmex\\\/\",\"https:\\\/\\\/www.youtube.com\\\/user\\\/designweekmexico\",\"https:\\\/\\\/vimeo.com\\\/designweekmexico\",\"https:\\\/\\\/www.linkedin.com\\\/company\\\/designweekmx\\\/\"]}]}<\/script>\n<!-- \/ Yoast SEO plugin. -->","yoast_head_json":{"title":"Pabell\u00f3n del Encuentro - Design Week Mexico","robots":{"index":"index","follow":"follow","max-snippet":"max-snippet:-1","max-image-preview":"max-image-preview:large","max-video-preview":"max-video-preview:-1"},"canonical":"https:\/\/designweekmexico.com\/en\/prensa\/pabellon-del-encuentro\/","og_locale":"en_US","og_type":"article","og_title":"Pabell\u00f3n del Encuentro - Design Week Mexico","og_description":"Experiencia en realidad virtual a 500 a\u00f1os de La Conquista Este 2021 se cumplen 500 a\u00f1os de la ca\u00edda de Tenochtitlan, suceso hist\u00f3rico fundamental para la constituci\u00f3n de la extraordinaria [&hellip;]","og_url":"https:\/\/designweekmexico.com\/en\/prensa\/pabellon-del-encuentro\/","og_site_name":"Design Week Mexico","article_publisher":"https:\/\/www.facebook.com\/designweekmex","article_modified_time":"2021-09-20T18:03:43+00:00","og_image":[{"width":2560,"height":1707,"url":"https:\/\/i2.wp.com\/designweekmexico.com\/wp-content\/uploads\/2021\/09\/portada-dwm21-09-scaled.jpg?fit=2560%2C1707&ssl=1","type":"image\/jpeg"}],"twitter_card":"summary_large_image","twitter_site":"@designweekmex","twitter_misc":{"Est. reading time":"3 minutes"},"schema":{"@context":"https:\/\/schema.org","@graph":[{"@type":"WebPage","@id":"https:\/\/designweekmexico.com\/prensa\/pabellon-del-encuentro\/","url":"https:\/\/designweekmexico.com\/prensa\/pabellon-del-encuentro\/","name":"Pabell\u00f3n del Encuentro - Design Week Mexico","isPartOf":{"@id":"https:\/\/designweekmexico.com\/#website"},"primaryImageOfPage":{"@id":"https:\/\/designweekmexico.com\/prensa\/pabellon-del-encuentro\/#primaryimage"},"image":{"@id":"https:\/\/designweekmexico.com\/prensa\/pabellon-del-encuentro\/#primaryimage"},"thumbnailUrl":"https:\/\/designweekmexico.com\/wp-content\/uploads\/2021\/09\/portada-dwm21-09-scaled.jpg","datePublished":"2021-08-30T18:35:34+00:00","dateModified":"2021-09-20T18:03:43+00:00","breadcrumb":{"@id":"https:\/\/designweekmexico.com\/prensa\/pabellon-del-encuentro\/#breadcrumb"},"inLanguage":"en-US","potentialAction":[{"@type":"ReadAction","target":["https:\/\/designweekmexico.com\/prensa\/pabellon-del-encuentro\/"]}]},{"@type":"ImageObject","inLanguage":"en-US","@id":"https:\/\/designweekmexico.com\/prensa\/pabellon-del-encuentro\/#primaryimage","url":"https:\/\/designweekmexico.com\/wp-content\/uploads\/2021\/09\/portada-dwm21-09-scaled.jpg","contentUrl":"https:\/\/designweekmexico.com\/wp-content\/uploads\/2021\/09\/portada-dwm21-09-scaled.jpg","width":2560,"height":1707},{"@type":"BreadcrumbList","@id":"https:\/\/designweekmexico.com\/prensa\/pabellon-del-encuentro\/#breadcrumb","itemListElement":[{"@type":"ListItem","position":1,"name":"Inicio","item":"https:\/\/designweekmexico.com\/"},{"@type":"ListItem","position":2,"name":"Prensa","item":"https:\/\/designweekmexico.com\/prensa\/"},{"@type":"ListItem","position":3,"name":"Pabell\u00f3n del Encuentro"}]},{"@type":"WebSite","@id":"https:\/\/designweekmexico.com\/#website","url":"https:\/\/designweekmexico.com\/","name":"Design Week Mexico","description":"Dise\u00f1ando el futuro...","publisher":{"@id":"https:\/\/designweekmexico.com\/#organization"},"potentialAction":[{"@type":"SearchAction","target":{"@type":"EntryPoint","urlTemplate":"https:\/\/designweekmexico.com\/?s={search_term_string}"},"query-input":{"@type":"PropertyValueSpecification","valueRequired":true,"valueName":"search_term_string"}}],"inLanguage":"en-US"},{"@type":"Organization","@id":"https:\/\/designweekmexico.com\/#organization","name":"Design Week Mexico","url":"https:\/\/designweekmexico.com\/","logo":{"@type":"ImageObject","inLanguage":"en-US","@id":"https:\/\/designweekmexico.com\/#\/schema\/logo\/image\/","url":"https:\/\/designweekmexico.com\/wp-content\/uploads\/2026\/04\/Asset-58-70eae4-3141d7.svg","contentUrl":"https:\/\/designweekmexico.com\/wp-content\/uploads\/2026\/04\/Asset-58-70eae4-3141d7.svg","width":1741,"height":103,"caption":"Design Week Mexico"},"image":{"@id":"https:\/\/designweekmexico.com\/#\/schema\/logo\/image\/"},"sameAs":["https:\/\/www.facebook.com\/designweekmex","https:\/\/x.com\/designweekmex","https:\/\/www.instagram.com\/designweekmex\/","https:\/\/www.youtube.com\/user\/designweekmexico","https:\/\/vimeo.com\/designweekmexico","https:\/\/www.linkedin.com\/company\/designweekmx\/"]}]}},"jetpack_sharing_enabled":true,"_links":{"self":[{"href":"https:\/\/designweekmexico.com\/en\/wp-json\/wp\/v2\/pages\/3814","targetHints":{"allow":["GET"]}}],"collection":[{"href":"https:\/\/designweekmexico.com\/en\/wp-json\/wp\/v2\/pages"}],"about":[{"href":"https:\/\/designweekmexico.com\/en\/wp-json\/wp\/v2\/types\/page"}],"author":[{"embeddable":true,"href":"https:\/\/designweekmexico.com\/en\/wp-json\/wp\/v2\/users\/175"}],"replies":[{"embeddable":true,"href":"https:\/\/designweekmexico.com\/en\/wp-json\/wp\/v2\/comments?post=3814"}],"version-history":[{"count":7,"href":"https:\/\/designweekmexico.com\/en\/wp-json\/wp\/v2\/pages\/3814\/revisions"}],"predecessor-version":[{"id":4165,"href":"https:\/\/designweekmexico.com\/en\/wp-json\/wp\/v2\/pages\/3814\/revisions\/4165"}],"up":[{"embeddable":true,"href":"https:\/\/designweekmexico.com\/en\/wp-json\/wp\/v2\/pages\/501"}],"wp:featuredmedia":[{"embeddable":true,"href":"https:\/\/designweekmexico.com\/en\/wp-json\/wp\/v2\/media\/4153"}],"wp:attachment":[{"href":"https:\/\/designweekmexico.com\/en\/wp-json\/wp\/v2\/media?parent=3814"}],"curies":[{"name":"wp","href":"https:\/\/api.w.org\/{rel}","templated":true}]}}